{"id":14,"date":"2025-10-04T21:20:51","date_gmt":"2025-10-04T21:20:51","guid":{"rendered":"https:\/\/mebllegro.pl\/content\/?page_id=14"},"modified":"2025-10-15T09:34:00","modified_gmt":"2025-10-15T09:34:00","slug":"blog","status":"publish","type":"page","link":"https:\/\/mebllegro.pl\/content\/blog\/","title":{"rendered":"Blog"},"content":{"rendered":"\t\t<div data-elementor-type=\"wp-page\" data-elementor-id=\"14\" class=\"elementor elementor-14\" data-elementor-post-type=\"page\">\n\t\t\t\t<div class=\"elementor-element elementor-element-7caadb5 e-flex e-con-boxed e-con e-parent\" data-id=\"7caadb5\" data-element_type=\"container\" data-settings=\"{&quot;background_background&quot;:&quot;classic&quot;}\">\n\t\t\t\t\t<div class=\"e-con-inner\">\n\t\t\t\t\t<\/div>\n\t\t\t\t<\/div>\n\t\t<div class=\"elementor-element elementor-element-08f509f e-flex e-con-boxed e-con e-parent\" data-id=\"08f509f\" data-element_type=\"container\">\n\t\t\t\t\t<div class=\"e-con-inner\">\n\t\t<div class=\"elementor-element elementor-element-70b3c1c e-con-full e-flex e-con e-child\" data-id=\"70b3c1c\" data-element_type=\"container\" data-settings=\"{&quot;background_background&quot;:&quot;classic&quot;}\">\n\t\t\t\t<div class=\"elementor-element elementor-element-b8885c3 elementor-widget elementor-widget-text-editor\" data-id=\"b8885c3\" data-element_type=\"widget\" data-widget_type=\"text-editor.default\">\n\t\t\t\t\t\t\t\t\t<p><a href=\"https:\/\/mebllegro.pl\/\">Strona g\u0142\u00f3wna |<\/a> Blog<\/p>\t\t\t\t\t\t\t\t<\/div>\n\t\t\t\t<\/div>\n\t\t\t\t<div class=\"elementor-element elementor-element-da16b19 elementor-widget elementor-widget-heading\" data-id=\"da16b19\" data-element_type=\"widget\" data-widget_type=\"heading.default\">\n\t\t\t\t\t<h2 class=\"elementor-heading-title elementor-size-default\">Blog<\/h2>\t\t\t\t<\/div>\n\t\t\t\t\t<\/div>\n\t\t\t\t<\/div>\n\t\t<div class=\"elementor-element elementor-element-d3e0f9b e-flex e-con-boxed e-con e-parent\" data-id=\"d3e0f9b\" data-element_type=\"container\">\n\t\t\t\t\t<div class=\"e-con-inner\">\n\t\t\t\t<div class=\"elementor-element elementor-element-e427914 elementor-grid-3 elementor-grid-tablet-2 elementor-grid-mobile-1 elementor-posts--thumbnail-top elementor-posts__hover-gradient elementor-widget elementor-widget-posts\" data-id=\"e427914\" data-element_type=\"widget\" data-settings=\"{&quot;pagination_type&quot;:&quot;numbers_and_prev_next&quot;,&quot;cards_columns&quot;:&quot;3&quot;,&quot;cards_columns_tablet&quot;:&quot;2&quot;,&quot;cards_columns_mobile&quot;:&quot;1&quot;,&quot;cards_row_gap&quot;:{&quot;unit&quot;:&quot;px&quot;,&quot;size&quot;:35,&quot;sizes&quot;:[]},&quot;cards_row_gap_tablet&quot;:{&quot;unit&quot;:&quot;px&quot;,&quot;size&quot;:&quot;&quot;,&quot;sizes&quot;:[]},&quot;cards_row_gap_mobile&quot;:{&quot;unit&quot;:&quot;px&quot;,&quot;size&quot;:&quot;&quot;,&quot;sizes&quot;:[]}}\" data-widget_type=\"posts.cards\">\n\t\t\t\t<div class=\"elementor-widget-container\">\n\t\t\t\t\t\t\t<div class=\"elementor-posts-container elementor-posts elementor-posts--skin-cards elementor-grid\" role=\"list\">\n\t\t\t\t<article class=\"elementor-post elementor-grid-item post-646 post type-post status-publish format-standard has-post-thumbnail hentry category-mebllegro\" role=\"listitem\">\n\t\t\t<div class=\"elementor-post__card\">\n\t\t\t\t<a class=\"elementor-post__thumbnail__link\" href=\"https:\/\/mebllegro.pl\/content\/biale-krzeslo-drewniane-w-jadalni\/\" tabindex=\"-1\"><div class=\"elementor-post__thumbnail\"><img fetchpriority=\"high\" decoding=\"async\" width=\"768\" height=\"429\" src=\"https:\/\/mebllegro.pl\/content\/wp-content\/uploads\/2026\/08\/Gemini_Generated_Image_73e6rr73e6rr73e6-768x429.jpg\" class=\"attachment-medium_large size-medium_large wp-image-647\" alt=\"bia\u0142e krzes\u0142o drewniane\" srcset=\"https:\/\/mebllegro.pl\/content\/wp-content\/uploads\/2026\/08\/Gemini_Generated_Image_73e6rr73e6rr73e6-768x429.jpg 768w, https:\/\/mebllegro.pl\/content\/wp-content\/uploads\/2026\/08\/Gemini_Generated_Image_73e6rr73e6rr73e6-300x167.jpg 300w, https:\/\/mebllegro.pl\/content\/wp-content\/uploads\/2026\/08\/Gemini_Generated_Image_73e6rr73e6rr73e6-1024x572.jpg 1024w, https:\/\/mebllegro.pl\/content\/wp-content\/uploads\/2026\/08\/Gemini_Generated_Image_73e6rr73e6rr73e6.jpg 1376w\" sizes=\"(max-width: 768px) 100vw, 768px\" \/><\/div><\/a>\n\t\t\t\t<div class=\"elementor-post__badge\">mebllegro<\/div>\n\t\t\t\t<div class=\"elementor-post__text\">\n\t\t\t\t<h2 class=\"elementor-post__title\">\n\t\t\t<a href=\"https:\/\/mebllegro.pl\/content\/biale-krzeslo-drewniane-w-jadalni\/\">\n\t\t\t\tBia\u0142e krzes\u0142o drewniane \u2013 czy naprawd\u0119 trudno utrzyma\u0107 je w czysto\u015bci?\t\t\t<\/a>\n\t\t<\/h2>\n\t\t\t\t<div class=\"elementor-post__excerpt\">\n\t\t\t<p>Bia\u0142e krzes\u0142o drewniane cz\u0119sto budzi obawy jeszcze przed zakupem. Jasny kolor kojarzy si\u0119 z elegancj\u0105,<\/p>\n\t\t<\/div>\n\t\t\n\t\t<a class=\"elementor-post__read-more\" href=\"https:\/\/mebllegro.pl\/content\/biale-krzeslo-drewniane-w-jadalni\/\" aria-label=\"Read more about Bia\u0142e krzes\u0142o drewniane \u2013 czy naprawd\u0119 trudno utrzyma\u0107 je w czysto\u015bci?\" tabindex=\"-1\">\n\t\t\tCzytaj wi\u0119cej\t\t<\/a>\n\n\t\t\t\t<\/div>\n\t\t\t\t<div class=\"elementor-post__meta-data\">\n\t\t\t\t\t<span class=\"elementor-post-date\">\n\t\t\t19 sierpnia, 2026\t\t<\/span>\n\t\t\t\t<\/div>\n\t\t\t\t\t<\/div>\n\t\t<\/article>\n\t\t\t\t<article class=\"elementor-post elementor-grid-item post-642 post type-post status-publish format-standard has-post-thumbnail hentry category-mebllegro\" role=\"listitem\">\n\t\t\t<div class=\"elementor-post__card\">\n\t\t\t\t<a class=\"elementor-post__thumbnail__link\" href=\"https:\/\/mebllegro.pl\/content\/wysokosc-stolu-kuchennego-w-jadalnii\/\" tabindex=\"-1\"><div class=\"elementor-post__thumbnail\"><img decoding=\"async\" width=\"768\" height=\"429\" src=\"https:\/\/mebllegro.pl\/content\/wp-content\/uploads\/2026\/08\/Gemini_Generated_Image_tqk7dqtqk7dqtqk7-768x429.png\" class=\"attachment-medium_large size-medium_large wp-image-643\" alt=\"wysoko\u015b\u0107 sto\u0142u kuchennego\" srcset=\"https:\/\/mebllegro.pl\/content\/wp-content\/uploads\/2026\/08\/Gemini_Generated_Image_tqk7dqtqk7dqtqk7-768x429.png 768w, https:\/\/mebllegro.pl\/content\/wp-content\/uploads\/2026\/08\/Gemini_Generated_Image_tqk7dqtqk7dqtqk7-300x167.png 300w, https:\/\/mebllegro.pl\/content\/wp-content\/uploads\/2026\/08\/Gemini_Generated_Image_tqk7dqtqk7dqtqk7-1024x572.png 1024w, https:\/\/mebllegro.pl\/content\/wp-content\/uploads\/2026\/08\/Gemini_Generated_Image_tqk7dqtqk7dqtqk7.png 1376w\" sizes=\"(max-width: 768px) 100vw, 768px\" \/><\/div><\/a>\n\t\t\t\t<div class=\"elementor-post__badge\">mebllegro<\/div>\n\t\t\t\t<div class=\"elementor-post__text\">\n\t\t\t\t<h2 class=\"elementor-post__title\">\n\t\t\t<a href=\"https:\/\/mebllegro.pl\/content\/wysokosc-stolu-kuchennego-w-jadalnii\/\">\n\t\t\t\tWysoko\u015b\u0107 sto\u0142u kuchennego i jadalnianego. Jak dobra\u0107 krzes\u0142a?\t\t\t<\/a>\n\t\t<\/h2>\n\t\t\t\t<div class=\"elementor-post__excerpt\">\n\t\t\t<p>Wyb\u00f3r sto\u0142u do kuchni lub jadalni cz\u0119sto zaczyna si\u0119 od wygl\u0105du, wymiar\u00f3w blatu i materia\u0142u<\/p>\n\t\t<\/div>\n\t\t\n\t\t<a class=\"elementor-post__read-more\" href=\"https:\/\/mebllegro.pl\/content\/wysokosc-stolu-kuchennego-w-jadalnii\/\" aria-label=\"Read more about Wysoko\u015b\u0107 sto\u0142u kuchennego i jadalnianego. Jak dobra\u0107 krzes\u0142a?\" tabindex=\"-1\">\n\t\t\tCzytaj wi\u0119cej\t\t<\/a>\n\n\t\t\t\t<\/div>\n\t\t\t\t<div class=\"elementor-post__meta-data\">\n\t\t\t\t\t<span class=\"elementor-post-date\">\n\t\t\t12 sierpnia, 2026\t\t<\/span>\n\t\t\t\t<\/div>\n\t\t\t\t\t<\/div>\n\t\t<\/article>\n\t\t\t\t<article class=\"elementor-post elementor-grid-item post-639 post type-post status-publish format-standard has-post-thumbnail hentry category-mebllegro\" role=\"listitem\">\n\t\t\t<div class=\"elementor-post__card\">\n\t\t\t\t<a class=\"elementor-post__thumbnail__link\" href=\"https:\/\/mebllegro.pl\/content\/stol-na-6-osob-wymiary-2\/\" tabindex=\"-1\"><div class=\"elementor-post__thumbnail\"><img decoding=\"async\" width=\"768\" height=\"429\" src=\"https:\/\/mebllegro.pl\/content\/wp-content\/uploads\/2026\/08\/Gemini_Generated_Image_jechf0jechf0jech-768x429.png\" class=\"attachment-medium_large size-medium_large wp-image-640\" alt=\"st\u00f3\u0142 na 6 os\u00f3b\" srcset=\"https:\/\/mebllegro.pl\/content\/wp-content\/uploads\/2026\/08\/Gemini_Generated_Image_jechf0jechf0jech-768x429.png 768w, https:\/\/mebllegro.pl\/content\/wp-content\/uploads\/2026\/08\/Gemini_Generated_Image_jechf0jechf0jech-300x167.png 300w, https:\/\/mebllegro.pl\/content\/wp-content\/uploads\/2026\/08\/Gemini_Generated_Image_jechf0jechf0jech-1024x572.png 1024w, https:\/\/mebllegro.pl\/content\/wp-content\/uploads\/2026\/08\/Gemini_Generated_Image_jechf0jechf0jech.png 1376w\" sizes=\"(max-width: 768px) 100vw, 768px\" \/><\/div><\/a>\n\t\t\t\t<div class=\"elementor-post__badge\">mebllegro<\/div>\n\t\t\t\t<div class=\"elementor-post__text\">\n\t\t\t\t<h2 class=\"elementor-post__title\">\n\t\t\t<a href=\"https:\/\/mebllegro.pl\/content\/stol-na-6-osob-wymiary-2\/\">\n\t\t\t\tSt\u00f3\u0142 na 6 os\u00f3b \u2013 dok\u0142adne wymiary i ile miejsca potrzebujesz w jadalni\t\t\t<\/a>\n\t\t<\/h2>\n\t\t\t\t<div class=\"elementor-post__excerpt\">\n\t\t\t<p>Je\u015bli zastanawiasz si\u0119, jaki st\u00f3\u0142 na 6 os\u00f3b wybra\u0107 i ile miejsca realnie potrzebujesz w<\/p>\n\t\t<\/div>\n\t\t\n\t\t<a class=\"elementor-post__read-more\" href=\"https:\/\/mebllegro.pl\/content\/stol-na-6-osob-wymiary-2\/\" aria-label=\"Read more about St\u00f3\u0142 na 6 os\u00f3b \u2013 dok\u0142adne wymiary i ile miejsca potrzebujesz w jadalni\" tabindex=\"-1\">\n\t\t\tCzytaj wi\u0119cej\t\t<\/a>\n\n\t\t\t\t<\/div>\n\t\t\t\t<div class=\"elementor-post__meta-data\">\n\t\t\t\t\t<span class=\"elementor-post-date\">\n\t\t\t6 sierpnia, 2026\t\t<\/span>\n\t\t\t\t<\/div>\n\t\t\t\t\t<\/div>\n\t\t<\/article>\n\t\t\t\t<article class=\"elementor-post elementor-grid-item post-635 post type-post status-publish format-standard has-post-thumbnail hentry category-mebllegro\" role=\"listitem\">\n\t\t\t<div class=\"elementor-post__card\">\n\t\t\t\t<a class=\"elementor-post__thumbnail__link\" href=\"https:\/\/mebllegro.pl\/content\/stol-okragly-rozkladany-350-cm\/\" tabindex=\"-1\"><div class=\"elementor-post__thumbnail\"><img loading=\"lazy\" decoding=\"async\" width=\"768\" height=\"429\" src=\"https:\/\/mebllegro.pl\/content\/wp-content\/uploads\/2026\/07\/Gemini_Generated_Image_obf4dhobf4dhobf4-768x429.png\" class=\"attachment-medium_large size-medium_large wp-image-636\" alt=\"st\u00f3\u0142 okr\u0105g\u0142y rozk\u0142adany 350 cm\" srcset=\"https:\/\/mebllegro.pl\/content\/wp-content\/uploads\/2026\/07\/Gemini_Generated_Image_obf4dhobf4dhobf4-768x429.png 768w, https:\/\/mebllegro.pl\/content\/wp-content\/uploads\/2026\/07\/Gemini_Generated_Image_obf4dhobf4dhobf4-300x167.png 300w, https:\/\/mebllegro.pl\/content\/wp-content\/uploads\/2026\/07\/Gemini_Generated_Image_obf4dhobf4dhobf4-1024x572.png 1024w, https:\/\/mebllegro.pl\/content\/wp-content\/uploads\/2026\/07\/Gemini_Generated_Image_obf4dhobf4dhobf4.png 1376w\" sizes=\"(max-width: 768px) 100vw, 768px\" \/><\/div><\/a>\n\t\t\t\t<div class=\"elementor-post__badge\">mebllegro<\/div>\n\t\t\t\t<div class=\"elementor-post__text\">\n\t\t\t\t<h2 class=\"elementor-post__title\">\n\t\t\t<a href=\"https:\/\/mebllegro.pl\/content\/stol-okragly-rozkladany-350-cm\/\">\n\t\t\t\tSt\u00f3\u0142 okr\u0105g\u0142y rozk\u0142adany 350 cm \u2013 kto naprawd\u0119 potrzebuje tak du\u017cego sto\u0142u?\t\t\t<\/a>\n\t\t<\/h2>\n\t\t\t\t<div class=\"elementor-post__excerpt\">\n\t\t\t<p>St\u00f3\u0142 okr\u0105g\u0142y rozk\u0142adany 350 cm to rozwi\u0105zanie, kt\u00f3re nie jest dla ka\u017cdego. To mebel zaprojektowany<\/p>\n\t\t<\/div>\n\t\t\n\t\t<a class=\"elementor-post__read-more\" href=\"https:\/\/mebllegro.pl\/content\/stol-okragly-rozkladany-350-cm\/\" aria-label=\"Read more about St\u00f3\u0142 okr\u0105g\u0142y rozk\u0142adany 350 cm \u2013 kto naprawd\u0119 potrzebuje tak du\u017cego sto\u0142u?\" tabindex=\"-1\">\n\t\t\tCzytaj wi\u0119cej\t\t<\/a>\n\n\t\t\t\t<\/div>\n\t\t\t\t<div class=\"elementor-post__meta-data\">\n\t\t\t\t\t<span class=\"elementor-post-date\">\n\t\t\t30 lipca, 2026\t\t<\/span>\n\t\t\t\t<\/div>\n\t\t\t\t\t<\/div>\n\t\t<\/article>\n\t\t\t\t<article class=\"elementor-post elementor-grid-item post-632 post type-post status-publish format-standard has-post-thumbnail hentry category-mebllegro\" role=\"listitem\">\n\t\t\t<div class=\"elementor-post__card\">\n\t\t\t\t<a class=\"elementor-post__thumbnail__link\" href=\"https:\/\/mebllegro.pl\/content\/krzesla-drewniane-biale-jadalnia\/\" tabindex=\"-1\"><div class=\"elementor-post__thumbnail\"><img loading=\"lazy\" decoding=\"async\" width=\"768\" height=\"429\" src=\"https:\/\/mebllegro.pl\/content\/wp-content\/uploads\/2026\/07\/Gemini_Generated_Image_tkv0rhtkv0rhtkv0-768x429.png\" class=\"attachment-medium_large size-medium_large wp-image-633\" alt=\"krzes\u0142a drewniane bia\u0142e\" srcset=\"https:\/\/mebllegro.pl\/content\/wp-content\/uploads\/2026\/07\/Gemini_Generated_Image_tkv0rhtkv0rhtkv0-768x429.png 768w, https:\/\/mebllegro.pl\/content\/wp-content\/uploads\/2026\/07\/Gemini_Generated_Image_tkv0rhtkv0rhtkv0-300x167.png 300w, https:\/\/mebllegro.pl\/content\/wp-content\/uploads\/2026\/07\/Gemini_Generated_Image_tkv0rhtkv0rhtkv0-1024x572.png 1024w, https:\/\/mebllegro.pl\/content\/wp-content\/uploads\/2026\/07\/Gemini_Generated_Image_tkv0rhtkv0rhtkv0.png 1376w\" sizes=\"(max-width: 768px) 100vw, 768px\" \/><\/div><\/a>\n\t\t\t\t<div class=\"elementor-post__badge\">mebllegro<\/div>\n\t\t\t\t<div class=\"elementor-post__text\">\n\t\t\t\t<h2 class=\"elementor-post__title\">\n\t\t\t<a href=\"https:\/\/mebllegro.pl\/content\/krzesla-drewniane-biale-jadalnia\/\">\n\t\t\t\tKrzes\u0142a drewniane bia\u0142e \u2013 klasyka w jadalni czy problem z czysto\u015bci\u0105?\t\t\t<\/a>\n\t\t<\/h2>\n\t\t\t\t<div class=\"elementor-post__excerpt\">\n\t\t\t<p>Krzes\u0142a drewniane bia\u0142e od lat ciesz\u0105 si\u0119 du\u017cym zainteresowaniem w aran\u017cacji wn\u0119trz. Kojarz\u0105 si\u0119 z<\/p>\n\t\t<\/div>\n\t\t\n\t\t<a class=\"elementor-post__read-more\" href=\"https:\/\/mebllegro.pl\/content\/krzesla-drewniane-biale-jadalnia\/\" aria-label=\"Read more about Krzes\u0142a drewniane bia\u0142e \u2013 klasyka w jadalni czy problem z czysto\u015bci\u0105?\" tabindex=\"-1\">\n\t\t\tCzytaj wi\u0119cej\t\t<\/a>\n\n\t\t\t\t<\/div>\n\t\t\t\t<div class=\"elementor-post__meta-data\">\n\t\t\t\t\t<span class=\"elementor-post-date\">\n\t\t\t28 lipca, 2026\t\t<\/span>\n\t\t\t\t<\/div>\n\t\t\t\t\t<\/div>\n\t\t<\/article>\n\t\t\t\t<article class=\"elementor-post elementor-grid-item post-609 post type-post status-publish format-standard has-post-thumbnail hentry category-mebllegro\" role=\"listitem\">\n\t\t\t<div class=\"elementor-post__card\">\n\t\t\t\t<a class=\"elementor-post__thumbnail__link\" href=\"https:\/\/mebllegro.pl\/content\/stol-6-osobowy-ustawienie-jadalnia\/\" tabindex=\"-1\"><div class=\"elementor-post__thumbnail\"><img loading=\"lazy\" decoding=\"async\" width=\"768\" height=\"429\" src=\"https:\/\/mebllegro.pl\/content\/wp-content\/uploads\/2026\/07\/Gemini_Generated_Image_7nipxd7nipxd7nip-768x429.png\" class=\"attachment-medium_large size-medium_large wp-image-610\" alt=\"st\u00f3\u0142 6 osobowy\" srcset=\"https:\/\/mebllegro.pl\/content\/wp-content\/uploads\/2026\/07\/Gemini_Generated_Image_7nipxd7nipxd7nip-768x429.png 768w, https:\/\/mebllegro.pl\/content\/wp-content\/uploads\/2026\/07\/Gemini_Generated_Image_7nipxd7nipxd7nip-300x167.png 300w, https:\/\/mebllegro.pl\/content\/wp-content\/uploads\/2026\/07\/Gemini_Generated_Image_7nipxd7nipxd7nip-1024x572.png 1024w, https:\/\/mebllegro.pl\/content\/wp-content\/uploads\/2026\/07\/Gemini_Generated_Image_7nipxd7nipxd7nip.png 1376w\" sizes=\"(max-width: 768px) 100vw, 768px\" \/><\/div><\/a>\n\t\t\t\t<div class=\"elementor-post__badge\">mebllegro<\/div>\n\t\t\t\t<div class=\"elementor-post__text\">\n\t\t\t\t<h2 class=\"elementor-post__title\">\n\t\t\t<a href=\"https:\/\/mebllegro.pl\/content\/stol-6-osobowy-ustawienie-jadalnia\/\">\n\t\t\t\tSt\u00f3\u0142 6 osobowy \u2013 jak ustawi\u0107, \u017ceby nikt nie tr\u0105ca\u0142 si\u0119 \u0142okciami?\t\t\t<\/a>\n\t\t<\/h2>\n\t\t\t\t<div class=\"elementor-post__excerpt\">\n\t\t\t<p>St\u00f3\u0142 6 osobowy to jeden z najcz\u0119\u015bciej wybieranych mebli do jadalni. Pasuje zar\u00f3wno do mieszka\u0144,<\/p>\n\t\t<\/div>\n\t\t\n\t\t<a class=\"elementor-post__read-more\" href=\"https:\/\/mebllegro.pl\/content\/stol-6-osobowy-ustawienie-jadalnia\/\" aria-label=\"Read more about St\u00f3\u0142 6 osobowy \u2013 jak ustawi\u0107, \u017ceby nikt nie tr\u0105ca\u0142 si\u0119 \u0142okciami?\" tabindex=\"-1\">\n\t\t\tCzytaj wi\u0119cej\t\t<\/a>\n\n\t\t\t\t<\/div>\n\t\t\t\t<div class=\"elementor-post__meta-data\">\n\t\t\t\t\t<span class=\"elementor-post-date\">\n\t\t\t21 lipca, 2026\t\t<\/span>\n\t\t\t\t<\/div>\n\t\t\t\t\t<\/div>\n\t\t<\/article>\n\t\t\t\t<article class=\"elementor-post elementor-grid-item post-605 post type-post status-publish format-standard has-post-thumbnail hentry category-mebllegro\" role=\"listitem\">\n\t\t\t<div class=\"elementor-post__card\">\n\t\t\t\t<a class=\"elementor-post__thumbnail__link\" href=\"https:\/\/mebllegro.pl\/content\/stol-z-metalowymi-nogami-jak-ocieplic\/\" tabindex=\"-1\"><div class=\"elementor-post__thumbnail\"><img loading=\"lazy\" decoding=\"async\" width=\"768\" height=\"429\" src=\"https:\/\/mebllegro.pl\/content\/wp-content\/uploads\/2026\/06\/Gemini_Generated_Image_sj6n43sj6n43sj6n-768x429.png\" class=\"attachment-medium_large size-medium_large wp-image-606\" alt=\"st\u00f3\u0142 z metalowymi nogami\" srcset=\"https:\/\/mebllegro.pl\/content\/wp-content\/uploads\/2026\/06\/Gemini_Generated_Image_sj6n43sj6n43sj6n-768x429.png 768w, https:\/\/mebllegro.pl\/content\/wp-content\/uploads\/2026\/06\/Gemini_Generated_Image_sj6n43sj6n43sj6n-300x167.png 300w, https:\/\/mebllegro.pl\/content\/wp-content\/uploads\/2026\/06\/Gemini_Generated_Image_sj6n43sj6n43sj6n-1024x572.png 1024w, https:\/\/mebllegro.pl\/content\/wp-content\/uploads\/2026\/06\/Gemini_Generated_Image_sj6n43sj6n43sj6n.png 1376w\" sizes=\"(max-width: 768px) 100vw, 768px\" \/><\/div><\/a>\n\t\t\t\t<div class=\"elementor-post__badge\">mebllegro<\/div>\n\t\t\t\t<div class=\"elementor-post__text\">\n\t\t\t\t<h2 class=\"elementor-post__title\">\n\t\t\t<a href=\"https:\/\/mebllegro.pl\/content\/stol-z-metalowymi-nogami-jak-ocieplic\/\">\n\t\t\t\tSt\u00f3\u0142 z metalowymi nogami \u2013 jak ociepli\u0107 loftowy charakter i dobra\u0107 krzes\u0142a\t\t\t<\/a>\n\t\t<\/h2>\n\t\t\t\t<div class=\"elementor-post__excerpt\">\n\t\t\t<p>St\u00f3\u0142 z metalowymi nogami to jeden z najcz\u0119\u015bciej wybieranych element\u00f3w wyposa\u017cenia do nowoczesnych wn\u0119trz. Jego<\/p>\n\t\t<\/div>\n\t\t\n\t\t<a class=\"elementor-post__read-more\" href=\"https:\/\/mebllegro.pl\/content\/stol-z-metalowymi-nogami-jak-ocieplic\/\" aria-label=\"Read more about St\u00f3\u0142 z metalowymi nogami \u2013 jak ociepli\u0107 loftowy charakter i dobra\u0107 krzes\u0142a\" tabindex=\"-1\">\n\t\t\tCzytaj wi\u0119cej\t\t<\/a>\n\n\t\t\t\t<\/div>\n\t\t\t\t<div class=\"elementor-post__meta-data\">\n\t\t\t\t\t<span class=\"elementor-post-date\">\n\t\t\t30 czerwca, 2026\t\t<\/span>\n\t\t\t\t<\/div>\n\t\t\t\t\t<\/div>\n\t\t<\/article>\n\t\t\t\t<article class=\"elementor-post elementor-grid-item post-601 post type-post status-publish format-standard has-post-thumbnail hentry category-mebllegro\" role=\"listitem\">\n\t\t\t<div class=\"elementor-post__card\">\n\t\t\t\t<a class=\"elementor-post__thumbnail__link\" href=\"https:\/\/mebllegro.pl\/content\/krzesla-drewniane-producent-twarde-siedzisko\/\" tabindex=\"-1\"><div class=\"elementor-post__thumbnail\"><img loading=\"lazy\" decoding=\"async\" width=\"768\" height=\"429\" src=\"https:\/\/mebllegro.pl\/content\/wp-content\/uploads\/2026\/06\/Gemini_Generated_Image_8nmvxc8nmvxc8nmv-768x429.png\" class=\"attachment-medium_large size-medium_large wp-image-602\" alt=\"krzes\u0142a drewniane producent\" srcset=\"https:\/\/mebllegro.pl\/content\/wp-content\/uploads\/2026\/06\/Gemini_Generated_Image_8nmvxc8nmvxc8nmv-768x429.png 768w, https:\/\/mebllegro.pl\/content\/wp-content\/uploads\/2026\/06\/Gemini_Generated_Image_8nmvxc8nmvxc8nmv-300x167.png 300w, https:\/\/mebllegro.pl\/content\/wp-content\/uploads\/2026\/06\/Gemini_Generated_Image_8nmvxc8nmvxc8nmv-1024x572.png 1024w, https:\/\/mebllegro.pl\/content\/wp-content\/uploads\/2026\/06\/Gemini_Generated_Image_8nmvxc8nmvxc8nmv.png 1376w\" sizes=\"(max-width: 768px) 100vw, 768px\" \/><\/div><\/a>\n\t\t\t\t<div class=\"elementor-post__badge\">mebllegro<\/div>\n\t\t\t\t<div class=\"elementor-post__text\">\n\t\t\t\t<h2 class=\"elementor-post__title\">\n\t\t\t<a href=\"https:\/\/mebllegro.pl\/content\/krzesla-drewniane-producent-twarde-siedzisko\/\">\n\t\t\t\tKrzes\u0142a drewniane producent \u2013 dlaczego twarde siedzisko wraca do \u0142ask\t\t\t<\/a>\n\t\t<\/h2>\n\t\t\t\t<div class=\"elementor-post__excerpt\">\n\t\t\t<p>Moda na mi\u0119kkie, welurowe meble trwa od kilku lat. W wielu wn\u0119trzach dominuj\u0105 tapicerowane formy,<\/p>\n\t\t<\/div>\n\t\t\n\t\t<a class=\"elementor-post__read-more\" href=\"https:\/\/mebllegro.pl\/content\/krzesla-drewniane-producent-twarde-siedzisko\/\" aria-label=\"Read more about Krzes\u0142a drewniane producent \u2013 dlaczego twarde siedzisko wraca do \u0142ask\" tabindex=\"-1\">\n\t\t\tCzytaj wi\u0119cej\t\t<\/a>\n\n\t\t\t\t<\/div>\n\t\t\t\t<div class=\"elementor-post__meta-data\">\n\t\t\t\t\t<span class=\"elementor-post-date\">\n\t\t\t25 czerwca, 2026\t\t<\/span>\n\t\t\t\t<\/div>\n\t\t\t\t\t<\/div>\n\t\t<\/article>\n\t\t\t\t<article class=\"elementor-post elementor-grid-item post-598 post type-post status-publish format-standard has-post-thumbnail hentry category-mebllegro\" role=\"listitem\">\n\t\t\t<div class=\"elementor-post__card\">\n\t\t\t\t<a class=\"elementor-post__thumbnail__link\" href=\"https:\/\/mebllegro.pl\/content\/czarny-stol-czarne-stoly-do-jadalni\/\" tabindex=\"-1\"><div class=\"elementor-post__thumbnail\"><img loading=\"lazy\" decoding=\"async\" width=\"768\" height=\"429\" src=\"https:\/\/mebllegro.pl\/content\/wp-content\/uploads\/2026\/06\/Gemini_Generated_Image_a1lugda1lugda1lu-768x429.png\" class=\"attachment-medium_large size-medium_large wp-image-599\" alt=\"czarny st\u00f3\u0142\" srcset=\"https:\/\/mebllegro.pl\/content\/wp-content\/uploads\/2026\/06\/Gemini_Generated_Image_a1lugda1lugda1lu-768x429.png 768w, https:\/\/mebllegro.pl\/content\/wp-content\/uploads\/2026\/06\/Gemini_Generated_Image_a1lugda1lugda1lu-300x167.png 300w, https:\/\/mebllegro.pl\/content\/wp-content\/uploads\/2026\/06\/Gemini_Generated_Image_a1lugda1lugda1lu-1024x572.png 1024w, https:\/\/mebllegro.pl\/content\/wp-content\/uploads\/2026\/06\/Gemini_Generated_Image_a1lugda1lugda1lu.png 1376w\" sizes=\"(max-width: 768px) 100vw, 768px\" \/><\/div><\/a>\n\t\t\t\t<div class=\"elementor-post__badge\">mebllegro<\/div>\n\t\t\t\t<div class=\"elementor-post__text\">\n\t\t\t\t<h2 class=\"elementor-post__title\">\n\t\t\t<a href=\"https:\/\/mebllegro.pl\/content\/czarny-stol-czarne-stoly-do-jadalni\/\">\n\t\t\t\tCzarny st\u00f3\u0142 \u2013 hit designu czy koszmar w utrzymaniu czysto\u015bci?\t\t\t<\/a>\n\t\t<\/h2>\n\t\t\t\t<div class=\"elementor-post__excerpt\">\n\t\t\t<p>Czarny st\u00f3\u0142 od kilku sezon\u00f3w jest jednym z najcz\u0119\u015bciej wybieranych element\u00f3w wyposa\u017cenia jadalni. Przyci\u0105ga uwag\u0119,<\/p>\n\t\t<\/div>\n\t\t\n\t\t<a class=\"elementor-post__read-more\" href=\"https:\/\/mebllegro.pl\/content\/czarny-stol-czarne-stoly-do-jadalni\/\" aria-label=\"Read more about Czarny st\u00f3\u0142 \u2013 hit designu czy koszmar w utrzymaniu czysto\u015bci?\" tabindex=\"-1\">\n\t\t\tCzytaj wi\u0119cej\t\t<\/a>\n\n\t\t\t\t<\/div>\n\t\t\t\t<div class=\"elementor-post__meta-data\">\n\t\t\t\t\t<span class=\"elementor-post-date\">\n\t\t\t23 czerwca, 2026\t\t<\/span>\n\t\t\t\t<\/div>\n\t\t\t\t\t<\/div>\n\t\t<\/article>\n\t\t\t\t<\/div>\n\t\t\n\t\t\t\t<div class=\"e-load-more-anchor\" data-page=\"1\" data-max-page=\"9\" data-next-page=\"https:\/\/mebllegro.pl\/content\/wp-json\/wp\/v2\/pages\/14\/page\/2\/\"><\/div>\n\t\t\t\t<nav class=\"elementor-pagination\" aria-label=\"Pagination\">\n\t\t\t<span class=\"page-numbers prev\">\u2b60<\/span>\n<span aria-current=\"page\" class=\"page-numbers current\"><span class=\"elementor-screen-only\">Page<\/span>1<\/span>\n<a class=\"page-numbers\" href=\"https:\/\/mebllegro.pl\/content\/wp-json\/wp\/v2\/pages\/14\/page\/2\/\"><span class=\"elementor-screen-only\">Page<\/span>2<\/a>\n<a class=\"page-numbers\" href=\"https:\/\/mebllegro.pl\/content\/wp-json\/wp\/v2\/pages\/14\/page\/3\/\"><span class=\"elementor-screen-only\">Page<\/span>3<\/a>\n<a class=\"page-numbers\" href=\"https:\/\/mebllegro.pl\/content\/wp-json\/wp\/v2\/pages\/14\/page\/4\/\"><span class=\"elementor-screen-only\">Page<\/span>4<\/a>\n<a class=\"page-numbers\" href=\"https:\/\/mebllegro.pl\/content\/wp-json\/wp\/v2\/pages\/14\/page\/5\/\"><span class=\"elementor-screen-only\">Page<\/span>5<\/a>\n<a class=\"page-numbers next\" href=\"https:\/\/mebllegro.pl\/content\/wp-json\/wp\/v2\/pages\/14\/page\/2\/\">\u2b62<\/a>\t\t<\/nav>\n\t\t\t\t\t\t<\/div>\n\t\t\t\t<\/div>\n\t\t\t\t\t<\/div>\n\t\t\t\t<\/div>\n\t\t\t\t<\/div>\n\t\t","protected":false},"excerpt":{"rendered":"<p>Strona g\u0142\u00f3wna | Blog Blog<\/p>\n","protected":false},"author":1,"featured_media":0,"parent":0,"menu_order":0,"comment_status":"closed","ping_status":"closed","template":"elementor_header_footer","meta":{"footnotes":""},"class_list":["post-14","page","type-page","status-publish","hentry"],"_links":{"self":[{"href":"https:\/\/mebllegro.pl\/content\/wp-json\/wp\/v2\/pages\/14","targetHints":{"allow":["GET"]}}],"collection":[{"href":"https:\/\/mebllegro.pl\/content\/wp-json\/wp\/v2\/pages"}],"about":[{"href":"https:\/\/mebllegro.pl\/content\/wp-json\/wp\/v2\/types\/page"}],"author":[{"embeddable":true,"href":"https:\/\/mebllegro.pl\/content\/wp-json\/wp\/v2\/users\/1"}],"replies":[{"embeddable":true,"href":"https:\/\/mebllegro.pl\/content\/wp-json\/wp\/v2\/comments?post=14"}],"version-history":[{"count":22,"href":"https:\/\/mebllegro.pl\/content\/wp-json\/wp\/v2\/pages\/14\/revisions"}],"predecessor-version":[{"id":109,"href":"https:\/\/mebllegro.pl\/content\/wp-json\/wp\/v2\/pages\/14\/revisions\/109"}],"wp:attachment":[{"href":"https:\/\/mebllegro.pl\/content\/wp-json\/wp\/v2\/media?parent=14"}],"curies":[{"name":"wp","href":"https:\/\/api.w.org\/{rel}","templated":true}]}}